{"id":13,"date":"2024-11-27T23:38:55","date_gmt":"2024-11-27T23:38:55","guid":{"rendered":"https:\/\/lpchanel.ddec.nc\/?page_id=13"},"modified":"2025-07-15T13:41:11","modified_gmt":"2025-07-15T02:41:11","slug":"accueil","status":"publish","type":"page","link":"https:\/\/lpchanel.ddec.nc\/","title":{"rendered":"Accueil"},"content":{"rendered":"\t\t<div data-elementor-type=\"wp-page\" data-elementor-id=\"13\" class=\"elementor elementor-13\" data-elementor-post-type=\"page\">\n\t\t\t\t\t\t<section class=\"elementor-section elementor-top-section elementor-element elementor-element-4c76a68 elementor-section-full_width elementor-section-height-default elementor-section-height-default\" data-id=\"4c76a68\" data-element_type=\"section\" data-settings=\"{&quot;animation&quot;:&quot;none&quot;}\">\n\t\t\t\t\t\t<div class=\"elementor-container elementor-column-gap-default\">\n\t\t\t\t\t<div class=\"elementor-column elementor-col-100 elementor-top-column elementor-element elementor-element-d93c9f2\" data-id=\"d93c9f2\" data-element_type=\"column\">\n\t\t\t<div class=\"elementor-widget-wrap elementor-element-populated\">\n\t\t\t\t\t\t<div class=\"elementor-element elementor-element-0da2813 elementor--h-position-center elementor--v-position-middle elementor-arrows-position-inside elementor-pagination-position-inside elementor-widget elementor-widget-slides\" data-id=\"0da2813\" data-element_type=\"widget\" data-settings=\"{&quot;autoplay_speed&quot;:4000,&quot;transition&quot;:&quot;fade&quot;,&quot;motion_fx_motion_fx_mouse&quot;:&quot;yes&quot;,&quot;_animation&quot;:&quot;none&quot;,&quot;navigation&quot;:&quot;both&quot;,&quot;autoplay&quot;:&quot;yes&quot;,&quot;infinite&quot;:&quot;yes&quot;,&quot;transition_speed&quot;:500}\" data-widget_type=\"slides.default\">\n\t\t\t\t<div class=\"elementor-widget-container\">\n\t\t\t\t\t\t\t<div class=\"elementor-swiper\">\n\t\t\t<div class=\"elementor-slides-wrapper elementor-main-swiper swiper-container\" dir=\"ltr\" data-animation=\"\">\n\t\t\t\t<div class=\"swiper-wrapper elementor-slides\">\n\t\t\t\t\t\t\t\t\t\t<div class=\"elementor-repeater-item-7deb49a swiper-slide\"><div class=\"swiper-slide-bg elementor-ken-burns elementor-ken-burns--in\" role=\"img\"><\/div><div class=\"elementor-background-overlay\"><\/div><div class=\"swiper-slide-inner\" ><div class=\"swiper-slide-contents\"><div class=\"elementor-slide-heading\">BIENVENUE<\/div><div class=\"elementor-slide-description\">Lyc\u00e9e Professionnel Saint-Pierre Chanel <\/div><\/div><\/div><\/div>\t\t\t\t<\/div>\n\t\t\t\t\t\t\t<\/div>\n\t\t<\/div>\n\t\t\t\t\t\t<\/div>\n\t\t\t\t<\/div>\n\t\t\t\t\t<\/div>\n\t\t<\/div>\n\t\t\t\t\t<\/div>\n\t\t<\/section>\n\t\t\t\t<section class=\"elementor-section elementor-top-section elementor-element elementor-element-7ebfb92 elementor-section-content-middle elementor-section-boxed elementor-section-height-default elementor-section-height-default\" data-id=\"7ebfb92\" data-element_type=\"section\">\n\t\t\t\t\t\t<div class=\"elementor-container elementor-column-gap-no\">\n\t\t\t\t\t<div class=\"elementor-column elementor-col-50 elementor-top-column elementor-element elementor-element-40cd89b\" data-id=\"40cd89b\" data-element_type=\"column\">\n\t\t\t<div class=\"elementor-widget-wrap elementor-element-populated\">\n\t\t\t\t\t\t<div class=\"elementor-element elementor-element-deb0e48 elementor-widget elementor-widget-heading\" data-id=\"deb0e48\" data-element_type=\"widget\" data-widget_type=\"heading.default\">\n\t\t\t\t<div class=\"elementor-widget-container\">\n\t\t\t\t\t<h3 class=\"elementor-heading-title elementor-size-large\">Pierre Lung : Directeur <\/h3>\t\t\t\t<\/div>\n\t\t\t\t<\/div>\n\t\t\t\t\t<\/div>\n\t\t<\/div>\n\t\t\t\t<div class=\"elementor-column elementor-col-50 elementor-top-column elementor-element elementor-element-419bcbb\" data-id=\"419bcbb\" data-element_type=\"column\" data-settings=\"{&quot;background_background&quot;:&quot;classic&quot;}\">\n\t\t\t<div class=\"elementor-widget-wrap elementor-element-populated\">\n\t\t\t\t\t\t<div class=\"elementor-element elementor-element-dc86a1c elementor-widget elementor-widget-image\" data-id=\"dc86a1c\" data-element_type=\"widget\" data-widget_type=\"image.default\">\n\t\t\t\t<div class=\"elementor-widget-container\">\n\t\t\t\t\t\t\t\t\t\t\t\t\t\t\t<img decoding=\"async\" src=\"https:\/\/lpchanel.ddec.nc\/wp-content\/uploads\/2025\/02\/Capture-decran-2025-02-17-144512.png\" title=\"Capture d\u2019\u00e9cran 2025-02-17 144512\" alt=\"Pierre LUNG -\nDirecteur\" loading=\"lazy\" \/>\t\t\t\t\t\t\t\t\t\t\t\t\t\t\t<\/div>\n\t\t\t\t<\/div>\n\t\t\t\t\t<\/div>\n\t\t<\/div>\n\t\t\t\t\t<\/div>\n\t\t<\/section>\n\t\t\t\t<section class=\"elementor-section elementor-top-section elementor-element elementor-element-2801e2e elementor-section-boxed elementor-section-height-default elementor-section-height-default elementor-invisible\" data-id=\"2801e2e\" data-element_type=\"section\" data-settings=\"{&quot;animation&quot;:&quot;zoomIn&quot;}\">\n\t\t\t\t\t\t<div class=\"elementor-container elementor-column-gap-default\">\n\t\t\t\t\t<div class=\"elementor-column elementor-col-100 elementor-top-column elementor-element elementor-element-ebf7296\" data-id=\"ebf7296\" data-element_type=\"column\">\n\t\t\t<div class=\"elementor-widget-wrap elementor-element-populated\">\n\t\t\t\t\t\t<div class=\"elementor-element elementor-element-12e7ea0 elementor-widget elementor-widget-text-editor\" data-id=\"12e7ea0\" data-element_type=\"widget\" data-widget_type=\"text-editor.default\">\n\t\t\t\t<div class=\"elementor-widget-container\">\n\t\t\t\t\t\t\t\t\t<p class=\"MsoNormal\"><b><span lang=\"FR\">Chers membres\nde la communaut\u00e9 \u00e9ducative du Lyc\u00e9e Professionnel Saint Pierre Chanel,<\/span><\/b><span lang=\"FR\"><o:p><\/o:p><\/span><\/p><p class=\"MsoNormal\"><span lang=\"FR\">Nous sommes\nheureux de vous annoncer le lancement de notre nouveau site internet, con\u00e7u\ncomme un v\u00e9ritable outil de communication au service de tous : \u00e9l\u00e8ves,\nfamilles, partenaires et personnels. Plus lisible, plus dynamique et enrichi de\nnouveaux contenus, ce site refl\u00e8te l\u2019identit\u00e9 de notre \u00e9tablissement, ses\nprojets, et les valeurs qui nous animent au sein de l\u2019Enseignement Catholique :\nl\u2019Accueil, la Bienveillance, l\u2019Exigence et l\u2019Accompagnement de chacun.<o:p><\/o:p><\/span><\/p><p class=\"MsoNormal\"><span lang=\"FR\">Ce nouvel espace\na pour vocation de renforcer le lien entre l\u2019\u00e9tablissement et les familles, en\nfacilitant l\u2019acc\u00e8s \u00e0 l\u2019information, en valorisant les projets de nos \u00e9l\u00e8ves et\nen illustrant la vitalit\u00e9 et l\u2019engagement aupr\u00e8s de notre jeunesse de notre\ncommunaut\u00e9 \u00e9ducative.<o:p><\/o:p><\/span><\/p><p class=\"MsoNormal\"><span lang=\"FR\">Nous vous\ninvitons \u00e0 le d\u00e9couvrir d\u00e8s aujourd\u2019hui, \u00e0 le consulter r\u00e9guli\u00e8rement, et \u00e0 y\ntrouver un reflet vivant et fid\u00e8le de notre engagement aupr\u00e8s de chaque jeune\nque nous accompagnons.<o:p><\/o:p><\/span><\/p><p>\n\n\n\n\n\n\n\n<\/p><p class=\"MsoNormal\" style=\"margin-bottom:12.0pt\"><span lang=\"FR\">Bonne visite,<o:p><\/o:p><\/span><\/p>\t\t\t\t\t\t\t\t<\/div>\n\t\t\t\t<\/div>\n\t\t\t\t<div class=\"elementor-element elementor-element-4787030 elementor-widget elementor-widget-heading\" data-id=\"4787030\" data-element_type=\"widget\" data-widget_type=\"heading.default\">\n\t\t\t\t<div class=\"elementor-widget-container\">\n\t\t\t\t\t<h3 class=\"elementor-heading-title elementor-size-large\">nos Actualit\u00e9s <\/h3>\t\t\t\t<\/div>\n\t\t\t\t<\/div>\n\t\t\t\t<div class=\"elementor-element elementor-element-c93d2ac elementor-grid-3 elementor-grid-tablet-2 elementor-grid-mobile-1 elementor-posts--thumbnail-top elementor-card-shadow-yes elementor-posts__hover-gradient elementor-widget elementor-widget-posts\" data-id=\"c93d2ac\" data-element_type=\"widget\" data-settings=\"{&quot;cards_columns&quot;:&quot;3&quot;,&quot;cards_columns_tablet&quot;:&quot;2&quot;,&quot;cards_columns_mobile&quot;:&quot;1&quot;,&quot;cards_row_gap&quot;:{&quot;unit&quot;:&quot;px&quot;,&quot;size&quot;:35,&quot;sizes&quot;:[]},&quot;cards_row_gap_tablet&quot;:{&quot;unit&quot;:&quot;px&quot;,&quot;size&quot;:&quot;&quot;,&quot;sizes&quot;:[]},&quot;cards_row_gap_mobile&quot;:{&quot;unit&quot;:&quot;px&quot;,&quot;size&quot;:&quot;&quot;,&quot;sizes&quot;:[]}}\" data-widget_type=\"posts.cards\">\n\t\t\t\t<div class=\"elementor-widget-container\">\n\t\t\t\t\t\t\t<div class=\"elementor-posts-container elementor-posts elementor-posts--skin-cards elementor-grid\">\n\t\t\t\t<article class=\"elementor-post elementor-grid-item post-1301 post type-post status-publish format-standard hentry category-actus\">\n\t\t\t<div class=\"elementor-post__card\">\n\t\t\t\t<div class=\"elementor-post__text\">\n\t\t\t\t<h3 class=\"elementor-post__title\">\n\t\t\t<a href=\"https:\/\/lpchanel.ddec.nc\/index.php\/2025\/07\/24\/elementor-1301\/\" >\n\t\t\t\tElementor #1301\t\t\t<\/a>\n\t\t<\/h3>\n\t\t\t\t<div class=\"elementor-post__excerpt\">\n\t\t\t<p>Semaine Solidaire<\/p>\n\t\t<\/div>\n\t\t\n\t\t<a class=\"elementor-post__read-more\" href=\"https:\/\/lpchanel.ddec.nc\/index.php\/2025\/07\/24\/elementor-1301\/\" aria-label=\"En savoir plus sur Elementor #1301\" tabindex=\"-1\" >\n\t\t\tLIRE PLUS \u00bb\t\t<\/a>\n\n\t\t\t\t<\/div>\n\t\t\t\t<div class=\"elementor-post__meta-data\">\n\t\t\t\t\t<span class=\"elementor-post-date\">\n\t\t\t24\/07\/2025\t\t<\/span>\n\t\t\t\t<\/div>\n\t\t\t\t\t<\/div>\n\t\t<\/article>\n\t\t\t\t<article class=\"elementor-post elementor-grid-item post-1015 post type-post status-publish format-standard has-post-thumbnail hentry category-actus\">\n\t\t\t<div class=\"elementor-post__card\">\n\t\t\t\t<a class=\"elementor-post__thumbnail__link\" href=\"https:\/\/lpchanel.ddec.nc\/index.php\/2024\/12\/09\/job-dating-bts-professions-immobilieres\/\" tabindex=\"-1\" ><div class=\"elementor-post__thumbnail\"><img fetchpriority=\"high\" decoding=\"async\" width=\"300\" height=\"225\" src=\"https:\/\/lpchanel.ddec.nc\/wp-content\/uploads\/2024\/12\/IMG_4951-300x225.jpg\" class=\"attachment-medium size-medium wp-image-803\" alt=\"\" srcset=\"https:\/\/lpchanel.ddec.nc\/wp-content\/uploads\/2024\/12\/IMG_4951-300x225.jpg 300w, https:\/\/lpchanel.ddec.nc\/wp-content\/uploads\/2024\/12\/IMG_4951-1024x768.jpg 1024w, https:\/\/lpchanel.ddec.nc\/wp-content\/uploads\/2024\/12\/IMG_4951-768x576.jpg 768w, https:\/\/lpchanel.ddec.nc\/wp-content\/uploads\/2024\/12\/IMG_4951-1536x1152.jpg 1536w, https:\/\/lpchanel.ddec.nc\/wp-content\/uploads\/2024\/12\/IMG_4951-2048x1536.jpg 2048w\" sizes=\"(max-width: 300px) 100vw, 300px\" \/><\/div><\/a>\n\t\t\t\t<div class=\"elementor-post__badge\">Actus<\/div>\n\t\t\t\t<div class=\"elementor-post__text\">\n\t\t\t\t<h3 class=\"elementor-post__title\">\n\t\t\t<a href=\"https:\/\/lpchanel.ddec.nc\/index.php\/2024\/12\/09\/job-dating-bts-professions-immobilieres\/\" >\n\t\t\t\tJob dating BTS Professions Immobili\u00e8res\t\t\t<\/a>\n\t\t<\/h3>\n\t\t\t\t<div class=\"elementor-post__excerpt\">\n\t\t\t<p>Job Dating BTS Professions Immobili\u00e8res\u00a0<\/p>\n\t\t<\/div>\n\t\t\n\t\t<a class=\"elementor-post__read-more\" href=\"https:\/\/lpchanel.ddec.nc\/index.php\/2024\/12\/09\/job-dating-bts-professions-immobilieres\/\" aria-label=\"En savoir plus sur Job dating BTS Professions Immobili\u00e8res\" tabindex=\"-1\" >\n\t\t\tLIRE PLUS \u00bb\t\t<\/a>\n\n\t\t\t\t<\/div>\n\t\t\t\t<div class=\"elementor-post__meta-data\">\n\t\t\t\t\t<span class=\"elementor-post-date\">\n\t\t\t09\/12\/2024\t\t<\/span>\n\t\t\t\t<\/div>\n\t\t\t\t\t<\/div>\n\t\t<\/article>\n\t\t\t\t<article class=\"elementor-post elementor-grid-item post-1309 post type-post status-publish format-standard hentry category-actus\">\n\t\t\t<div class=\"elementor-post__card\">\n\t\t\t\t<div class=\"elementor-post__text\">\n\t\t\t\t<h3 class=\"elementor-post__title\">\n\t\t\t<a href=\"https:\/\/lpchanel.ddec.nc\/index.php\/2024\/10\/30\/don-du-sang-2024\/\" >\n\t\t\t\tDon du sang 2024\t\t\t<\/a>\n\t\t<\/h3>\n\t\t\t\t<div class=\"elementor-post__excerpt\">\n\t\t\t<p>Don du sang Retour en images sur la journ\u00e9e don du sang organis\u00e9e par la Terminale AGOrA \u00a0<\/p>\n\t\t<\/div>\n\t\t\n\t\t<a class=\"elementor-post__read-more\" href=\"https:\/\/lpchanel.ddec.nc\/index.php\/2024\/10\/30\/don-du-sang-2024\/\" aria-label=\"En savoir plus sur Don du sang 2024\" tabindex=\"-1\" >\n\t\t\tLIRE PLUS \u00bb\t\t<\/a>\n\n\t\t\t\t<\/div>\n\t\t\t\t<div class=\"elementor-post__meta-data\">\n\t\t\t\t\t<span class=\"elementor-post-date\">\n\t\t\t30\/10\/2024\t\t<\/span>\n\t\t\t\t<\/div>\n\t\t\t\t\t<\/div>\n\t\t<\/article>\n\t\t\t\t<\/div>\n\t\t\n\t\t\t\t\t\t<\/div>\n\t\t\t\t<\/div>\n\t\t\t\t\t<\/div>\n\t\t<\/div>\n\t\t\t\t\t<\/div>\n\t\t<\/section>\n\t\t<div class=\"elementor-element elementor-element-e86b661 e-flex e-con-boxed e-con e-parent\" data-id=\"e86b661\" data-element_type=\"container\" data-settings=\"{&quot;background_background&quot;:&quot;gradient&quot;}\">\n\t\t\t\t\t<div class=\"e-con-inner\">\n\t\t\t\t<div class=\"elementor-element elementor-element-91eb1d9 elementor-widget elementor-widget-heading\" data-id=\"91eb1d9\" data-element_type=\"widget\" data-widget_type=\"heading.default\">\n\t\t\t\t<div class=\"elementor-widget-container\">\n\t\t\t\t\t<h2 class=\"elementor-heading-title elementor-size-default\">NOS RESEAUX SOCIAUX <\/h2>\t\t\t\t<\/div>\n\t\t\t\t<\/div>\n\t\t\t\t\t<\/div>\n\t\t\t\t<\/div>\n\t\t<div class=\"elementor-element elementor-element-528b47a e-flex e-con-boxed e-con e-parent\" data-id=\"528b47a\" data-element_type=\"container\">\n\t\t\t\t\t<div class=\"e-con-inner\">\n\t\t<div class=\"elementor-element elementor-element-1fc9274 e-con-full e-flex e-con e-child\" data-id=\"1fc9274\" data-element_type=\"container\">\n\t\t\t\t<div class=\"elementor-element elementor-element-3b0686b elementor-invisible elementor-widget elementor-widget-facebook-page\" data-id=\"3b0686b\" data-element_type=\"widget\" data-settings=\"{&quot;_animation&quot;:&quot;bounceInLeft&quot;}\" data-widget_type=\"facebook-page.default\">\n\t\t\t\t<div class=\"elementor-widget-container\">\n\t\t\t\t\t<div class=\"elementor-facebook-widget fb-page\" data-href=\"https:\/\/www.facebook.com\/p\/Lyc%C3%A9e-Professionnel-Saint-Pierre-Chanel-La-Conception-100064772332332\/\" data-tabs=\"timeline\" data-height=\"500px\" data-width=\"500px\" data-small-header=\"false\" data-hide-cover=\"true\" data-show-facepile=\"false\" data-hide-cta=\"true\" style=\"min-height: 1px;height:500px\"><\/div>\t\t\t\t<\/div>\n\t\t\t\t<\/div>\n\t\t\t\t<\/div>\n\t\t<div class=\"elementor-element elementor-element-53857a3 e-con-full e-flex e-con e-child\" data-id=\"53857a3\" data-element_type=\"container\">\n\t\t\t\t<div class=\"elementor-element elementor-element-79d1f76 elementor-widget__width-initial elementor-invisible elementor-widget elementor-widget-html\" data-id=\"79d1f76\" data-element_type=\"widget\" data-settings=\"{&quot;_animation&quot;:&quot;bounceInRight&quot;}\" data-widget_type=\"html.default\">\n\t\t\t\t<div class=\"elementor-widget-container\">\n\t\t\t\t\t<blockquote class=\"tiktok-embed\" cite=\"https:\/\/www.tiktok.com\/@lpchanel.nc\" data-unique-id=\"lpchanel.nc\" data-embed-type=\"creator\" style=\"max-width: 780px; min-width: 500px;\" > <section> <a target=\"_blank\" href=\"https:\/\/www.tiktok.com\/@lpchanel.nc?refer=creator_embed\">@lpchanel.nc<\/a> <\/section> <\/blockquote> <script async src=\"https:\/\/www.tiktok.com\/embed.js\"><\/script>\t\t\t\t<\/div>\n\t\t\t\t<\/div>\n\t\t\t\t<\/div>\n\t\t\t\t\t<\/div>\n\t\t\t\t<\/div>\n\t\t\t\t<section class=\"elementor-section elementor-top-section elementor-element elementor-element-384392b elementor-section-full_width elementor-section-height-min-height elementor-section-height-default elementor-section-items-middle\" data-id=\"384392b\" data-element_type=\"section\" data-settings=\"{&quot;background_background&quot;:&quot;classic&quot;}\">\n\t\t\t\t\t\t<div class=\"elementor-container elementor-column-gap-default\">\n\t\t\t\t\t<div class=\"elementor-column elementor-col-100 elementor-top-column elementor-element elementor-element-e5e13e3\" data-id=\"e5e13e3\" data-element_type=\"column\">\n\t\t\t<div class=\"elementor-widget-wrap elementor-element-populated\">\n\t\t\t\t\t\t<div class=\"elementor-element elementor-element-73f2055 elementor-widget elementor-widget-google_maps\" data-id=\"73f2055\" data-element_type=\"widget\" data-widget_type=\"google_maps.default\">\n\t\t\t\t<div class=\"elementor-widget-container\">\n\t\t\t\t\t\t\t<div class=\"elementor-custom-embed\">\n\t\t\t<iframe loading=\"lazy\"\n\t\t\t\t\tsrc=\"https:\/\/maps.google.com\/maps?q=538%20rue%20Charles%20Beautemps-Beaupr%C3%A9%2C%20Nouvelle-Cal%C3%A9donie&#038;t=m&#038;z=15&#038;output=embed&#038;iwloc=near\"\n\t\t\t\t\ttitle=\"538 rue Charles Beautemps-Beaupr\u00e9, Nouvelle-Cal\u00e9donie\"\n\t\t\t\t\taria-label=\"538 rue Charles Beautemps-Beaupr\u00e9, Nouvelle-Cal\u00e9donie\"\n\t\t\t><\/iframe>\n\t\t<\/div>\n\t\t\t\t\t\t<\/div>\n\t\t\t\t<\/div>\n\t\t\t\t\t<\/div>\n\t\t<\/div>\n\t\t\t\t\t<\/div>\n\t\t<\/section>\n\t\t<div class=\"elementor-element elementor-element-05cab1a e-flex e-con-boxed e-con e-parent\" data-id=\"05cab1a\" data-element_type=\"container\" data-settings=\"{&quot;background_background&quot;:&quot;classic&quot;}\">\n\t\t\t\t\t<div class=\"e-con-inner\">\n\t\t\t\t<div class=\"elementor-element elementor-element-68294db elementor-invisible elementor-widget elementor-widget-text-editor\" data-id=\"68294db\" data-element_type=\"widget\" data-settings=\"{&quot;_animation&quot;:&quot;zoomIn&quot;}\" data-widget_type=\"text-editor.default\">\n\t\t\t\t<div class=\"elementor-widget-container\">\n\t\t\t\t\t\t\t\t\t<p><b>\u00ab Accompagner chaque \u00e9l\u00e8ve pour qu\u2019il devienne une personne \u00e9panouie et confiante,\u00a0<\/b><b>responsable, capable d\u2019\u00e9laborer ses projets pour r\u00e9ussir sa vie, dans le respect des valeurs humaines et environnementales \u00bb.<\/b><\/p>\t\t\t\t\t\t\t\t<\/div>\n\t\t\t\t<\/div>\n\t\t\t\t\t<\/div>\n\t\t\t\t<\/div>\n\t\t\t\t<\/div>\n\t\t","protected":false},"excerpt":{"rendered":"<p>BIENVENUELyc\u00e9e Professionnel Saint-Pierre Chanel Pierre Lung : Directeur Chers membres de la communaut\u00e9 \u00e9ducative du Lyc\u00e9e Professionnel Saint Pierre Chanel, Nous sommes heureux de vous annoncer le lancement de notre nouveau site internet, con\u00e7u comme un v\u00e9ritable outil de communication au service de tous : \u00e9l\u00e8ves, familles, partenaires et personnels. Plus lisible, plus dynamique et [&hellip;]<\/p>\n","protected":false},"author":2,"featured_media":140,"parent":0,"menu_order":0,"comment_status":"closed","ping_status":"closed","template":"elementor_header_footer","meta":{"footnotes":""},"class_list":["post-13","page","type-page","status-publish","has-post-thumbnail","hentry"],"yoast_head":"<!-- This site is optimized with the Yoast SEO plugin v26.4 - https:\/\/yoast.com\/wordpress\/plugins\/seo\/ -->\n<title>Lyc\u00e9e Professionnel Saint-Pierre Chanel - La Conception<\/title>\n<meta name=\"description\" content=\"Le Lyc\u00e9e Professionnel Saint-Pierre Chanel est un \u00e9tablissement tertiaire en Nouvelle-Cal\u00e9donie. Il permet \u00e0 ses \u00e9l\u00e8ves d\u2019acqu\u00e9rir les comp\u00e9tences n\u00e9cessaires allant du CAP au BTS pour r\u00e9ussir dans ces secteurs d\u2019activit\u00e9.\" \/>\n<meta name=\"robots\" content=\"index, follow, max-snippet:-1, max-image-preview:large, max-video-preview:-1\" \/>\n<link rel=\"canonical\" href=\"https:\/\/lpchanel.ddec.nc\/\" \/>\n<meta property=\"og:locale\" content=\"fr_FR\" \/>\n<meta property=\"og:type\" content=\"article\" \/>\n<meta property=\"og:title\" content=\"Lyc\u00e9e Professionnel Saint-Pierre Chanel - La Conception\" \/>\n<meta property=\"og:description\" content=\"Le Lyc\u00e9e Professionnel Saint-Pierre Chanel est un \u00e9tablissement tertiaire en Nouvelle-Cal\u00e9donie. Il permet \u00e0 ses \u00e9l\u00e8ves d\u2019acqu\u00e9rir les comp\u00e9tences n\u00e9cessaires allant du CAP au BTS pour r\u00e9ussir dans ces secteurs d\u2019activit\u00e9.\" \/>\n<meta property=\"og:url\" content=\"https:\/\/lpchanel.ddec.nc\/\" \/>\n<meta property=\"og:site_name\" content=\"LP Chanel\" \/>\n<meta property=\"article:publisher\" content=\"https:\/\/www.facebook.com\/people\/Lyce-Professionnel-Saint-Pierre-Chanel-La-Conception\/100064772332332\/?ref=embed_page\" \/>\n<meta property=\"article:modified_time\" content=\"2025-07-15T02:41:11+00:00\" \/>\n<meta property=\"og:image\" content=\"https:\/\/lpchanel.ddec.nc\/wp-content\/uploads\/2024\/11\/Accueil-3e-e1732832236117.jpg\" \/>\n\t<meta property=\"og:image:width\" content=\"786\" \/>\n\t<meta property=\"og:image:height\" content=\"411\" \/>\n\t<meta property=\"og:image:type\" content=\"image\/jpeg\" \/>\n<meta name=\"twitter:card\" content=\"summary_large_image\" \/>\n<meta name=\"twitter:label1\" content=\"Dur\u00e9e de lecture estim\u00e9e\" \/>\n\t<meta name=\"twitter:data1\" content=\"3 minutes\" \/>\n<script type=\"application\/ld+json\" class=\"yoast-schema-graph\">{\"@context\":\"https:\/\/schema.org\",\"@graph\":[{\"@type\":\"WebPage\",\"@id\":\"https:\/\/lpchanel.ddec.nc\/\",\"url\":\"https:\/\/lpchanel.ddec.nc\/\",\"name\":\"Lyc\u00e9e Professionnel Saint-Pierre Chanel - La Conception\",\"isPartOf\":{\"@id\":\"https:\/\/lpchanel.ddec.nc\/#website\"},\"primaryImageOfPage\":{\"@id\":\"https:\/\/lpchanel.ddec.nc\/#primaryimage\"},\"image\":{\"@id\":\"https:\/\/lpchanel.ddec.nc\/#primaryimage\"},\"thumbnailUrl\":\"https:\/\/lpchanel.ddec.nc\/wp-content\/uploads\/2024\/11\/Accueil-3e-e1732832236117.jpg\",\"datePublished\":\"2024-11-27T23:38:55+00:00\",\"dateModified\":\"2025-07-15T02:41:11+00:00\",\"description\":\"Le Lyc\u00e9e Professionnel Saint-Pierre Chanel est un \u00e9tablissement tertiaire en Nouvelle-Cal\u00e9donie. Il permet \u00e0 ses \u00e9l\u00e8ves d\u2019acqu\u00e9rir les comp\u00e9tences n\u00e9cessaires allant du CAP au BTS pour r\u00e9ussir dans ces secteurs d\u2019activit\u00e9.\",\"breadcrumb\":{\"@id\":\"https:\/\/lpchanel.ddec.nc\/#breadcrumb\"},\"inLanguage\":\"fr-FR\",\"potentialAction\":[{\"@type\":\"ReadAction\",\"target\":[\"https:\/\/lpchanel.ddec.nc\/\"]}]},{\"@type\":\"ImageObject\",\"inLanguage\":\"fr-FR\",\"@id\":\"https:\/\/lpchanel.ddec.nc\/#primaryimage\",\"url\":\"https:\/\/lpchanel.ddec.nc\/wp-content\/uploads\/2024\/11\/Accueil-3e-e1732832236117.jpg\",\"contentUrl\":\"https:\/\/lpchanel.ddec.nc\/wp-content\/uploads\/2024\/11\/Accueil-3e-e1732832236117.jpg\",\"width\":786,\"height\":411},{\"@type\":\"BreadcrumbList\",\"@id\":\"https:\/\/lpchanel.ddec.nc\/#breadcrumb\",\"itemListElement\":[{\"@type\":\"ListItem\",\"position\":1,\"name\":\"Accueil\",\"item\":\"https:\/\/lpchanel.ddec.nc\/\"},{\"@type\":\"ListItem\",\"position\":2,\"name\":\"Accueil\"}]},{\"@type\":\"WebSite\",\"@id\":\"https:\/\/lpchanel.ddec.nc\/#website\",\"url\":\"https:\/\/lpchanel.ddec.nc\/\",\"name\":\"Lyc\u00e9e Professionnel Saint-Pierre Chanel\",\"description\":\"\",\"publisher\":{\"@id\":\"https:\/\/lpchanel.ddec.nc\/#organization\"},\"potentialAction\":[{\"@type\":\"SearchAction\",\"target\":{\"@type\":\"EntryPoint\",\"urlTemplate\":\"https:\/\/lpchanel.ddec.nc\/?s={search_term_string}\"},\"query-input\":{\"@type\":\"PropertyValueSpecification\",\"valueRequired\":true,\"valueName\":\"search_term_string\"}}],\"inLanguage\":\"fr-FR\"},{\"@type\":\"Organization\",\"@id\":\"https:\/\/lpchanel.ddec.nc\/#organization\",\"name\":\"Lyc\u00e9e Professionnel Saint-Pierre Chanel\",\"url\":\"https:\/\/lpchanel.ddec.nc\/\",\"logo\":{\"@type\":\"ImageObject\",\"inLanguage\":\"fr-FR\",\"@id\":\"https:\/\/lpchanel.ddec.nc\/#\/schema\/logo\/image\/\",\"url\":\"https:\/\/lpchanel.ddec.nc\/wp-content\/uploads\/2024\/11\/LOGO-LP-CHANEL.png\",\"contentUrl\":\"https:\/\/lpchanel.ddec.nc\/wp-content\/uploads\/2024\/11\/LOGO-LP-CHANEL.png\",\"width\":912,\"height\":333,\"caption\":\"Lyc\u00e9e Professionnel Saint-Pierre Chanel\"},\"image\":{\"@id\":\"https:\/\/lpchanel.ddec.nc\/#\/schema\/logo\/image\/\"},\"sameAs\":[\"https:\/\/www.facebook.com\/people\/Lyce-Professionnel-Saint-Pierre-Chanel-La-Conception\/100064772332332\/?ref=embed_page\",\"https:\/\/www.tiktok.com\/@lpchanel.nc\"]}]}<\/script>\n<!-- \/ Yoast SEO plugin. -->","yoast_head_json":{"title":"Lyc\u00e9e Professionnel Saint-Pierre Chanel - La Conception","description":"Le Lyc\u00e9e Professionnel Saint-Pierre Chanel est un \u00e9tablissement tertiaire en Nouvelle-Cal\u00e9donie. Il permet \u00e0 ses \u00e9l\u00e8ves d\u2019acqu\u00e9rir les comp\u00e9tences n\u00e9cessaires allant du CAP au BTS pour r\u00e9ussir dans ces secteurs d\u2019activit\u00e9.","robots":{"index":"index","follow":"follow","max-snippet":"max-snippet:-1","max-image-preview":"max-image-preview:large","max-video-preview":"max-video-preview:-1"},"canonical":"https:\/\/lpchanel.ddec.nc\/","og_locale":"fr_FR","og_type":"article","og_title":"Lyc\u00e9e Professionnel Saint-Pierre Chanel - La Conception","og_description":"Le Lyc\u00e9e Professionnel Saint-Pierre Chanel est un \u00e9tablissement tertiaire en Nouvelle-Cal\u00e9donie. Il permet \u00e0 ses \u00e9l\u00e8ves d\u2019acqu\u00e9rir les comp\u00e9tences n\u00e9cessaires allant du CAP au BTS pour r\u00e9ussir dans ces secteurs d\u2019activit\u00e9.","og_url":"https:\/\/lpchanel.ddec.nc\/","og_site_name":"LP Chanel","article_publisher":"https:\/\/www.facebook.com\/people\/Lyce-Professionnel-Saint-Pierre-Chanel-La-Conception\/100064772332332\/?ref=embed_page","article_modified_time":"2025-07-15T02:41:11+00:00","og_image":[{"width":786,"height":411,"url":"https:\/\/lpchanel.ddec.nc\/wp-content\/uploads\/2024\/11\/Accueil-3e-e1732832236117.jpg","type":"image\/jpeg"}],"twitter_card":"summary_large_image","twitter_misc":{"Dur\u00e9e de lecture estim\u00e9e":"3 minutes"},"schema":{"@context":"https:\/\/schema.org","@graph":[{"@type":"WebPage","@id":"https:\/\/lpchanel.ddec.nc\/","url":"https:\/\/lpchanel.ddec.nc\/","name":"Lyc\u00e9e Professionnel Saint-Pierre Chanel - La Conception","isPartOf":{"@id":"https:\/\/lpchanel.ddec.nc\/#website"},"primaryImageOfPage":{"@id":"https:\/\/lpchanel.ddec.nc\/#primaryimage"},"image":{"@id":"https:\/\/lpchanel.ddec.nc\/#primaryimage"},"thumbnailUrl":"https:\/\/lpchanel.ddec.nc\/wp-content\/uploads\/2024\/11\/Accueil-3e-e1732832236117.jpg","datePublished":"2024-11-27T23:38:55+00:00","dateModified":"2025-07-15T02:41:11+00:00","description":"Le Lyc\u00e9e Professionnel Saint-Pierre Chanel est un \u00e9tablissement tertiaire en Nouvelle-Cal\u00e9donie. Il permet \u00e0 ses \u00e9l\u00e8ves d\u2019acqu\u00e9rir les comp\u00e9tences n\u00e9cessaires allant du CAP au BTS pour r\u00e9ussir dans ces secteurs d\u2019activit\u00e9.","breadcrumb":{"@id":"https:\/\/lpchanel.ddec.nc\/#breadcrumb"},"inLanguage":"fr-FR","potentialAction":[{"@type":"ReadAction","target":["https:\/\/lpchanel.ddec.nc\/"]}]},{"@type":"ImageObject","inLanguage":"fr-FR","@id":"https:\/\/lpchanel.ddec.nc\/#primaryimage","url":"https:\/\/lpchanel.ddec.nc\/wp-content\/uploads\/2024\/11\/Accueil-3e-e1732832236117.jpg","contentUrl":"https:\/\/lpchanel.ddec.nc\/wp-content\/uploads\/2024\/11\/Accueil-3e-e1732832236117.jpg","width":786,"height":411},{"@type":"BreadcrumbList","@id":"https:\/\/lpchanel.ddec.nc\/#breadcrumb","itemListElement":[{"@type":"ListItem","position":1,"name":"Accueil","item":"https:\/\/lpchanel.ddec.nc\/"},{"@type":"ListItem","position":2,"name":"Accueil"}]},{"@type":"WebSite","@id":"https:\/\/lpchanel.ddec.nc\/#website","url":"https:\/\/lpchanel.ddec.nc\/","name":"Lyc\u00e9e Professionnel Saint-Pierre Chanel","description":"","publisher":{"@id":"https:\/\/lpchanel.ddec.nc\/#organization"},"potentialAction":[{"@type":"SearchAction","target":{"@type":"EntryPoint","urlTemplate":"https:\/\/lpchanel.ddec.nc\/?s={search_term_string}"},"query-input":{"@type":"PropertyValueSpecification","valueRequired":true,"valueName":"search_term_string"}}],"inLanguage":"fr-FR"},{"@type":"Organization","@id":"https:\/\/lpchanel.ddec.nc\/#organization","name":"Lyc\u00e9e Professionnel Saint-Pierre Chanel","url":"https:\/\/lpchanel.ddec.nc\/","logo":{"@type":"ImageObject","inLanguage":"fr-FR","@id":"https:\/\/lpchanel.ddec.nc\/#\/schema\/logo\/image\/","url":"https:\/\/lpchanel.ddec.nc\/wp-content\/uploads\/2024\/11\/LOGO-LP-CHANEL.png","contentUrl":"https:\/\/lpchanel.ddec.nc\/wp-content\/uploads\/2024\/11\/LOGO-LP-CHANEL.png","width":912,"height":333,"caption":"Lyc\u00e9e Professionnel Saint-Pierre Chanel"},"image":{"@id":"https:\/\/lpchanel.ddec.nc\/#\/schema\/logo\/image\/"},"sameAs":["https:\/\/www.facebook.com\/people\/Lyce-Professionnel-Saint-Pierre-Chanel-La-Conception\/100064772332332\/?ref=embed_page","https:\/\/www.tiktok.com\/@lpchanel.nc"]}]}},"_links":{"self":[{"href":"https:\/\/lpchanel.ddec.nc\/index.php\/wp-json\/wp\/v2\/pages\/13","targetHints":{"allow":["GET"]}}],"collection":[{"href":"https:\/\/lpchanel.ddec.nc\/index.php\/wp-json\/wp\/v2\/pages"}],"about":[{"href":"https:\/\/lpchanel.ddec.nc\/index.php\/wp-json\/wp\/v2\/types\/page"}],"author":[{"embeddable":true,"href":"https:\/\/lpchanel.ddec.nc\/index.php\/wp-json\/wp\/v2\/users\/2"}],"replies":[{"embeddable":true,"href":"https:\/\/lpchanel.ddec.nc\/index.php\/wp-json\/wp\/v2\/comments?post=13"}],"version-history":[{"count":127,"href":"https:\/\/lpchanel.ddec.nc\/index.php\/wp-json\/wp\/v2\/pages\/13\/revisions"}],"predecessor-version":[{"id":1259,"href":"https:\/\/lpchanel.ddec.nc\/index.php\/wp-json\/wp\/v2\/pages\/13\/revisions\/1259"}],"wp:featuredmedia":[{"embeddable":true,"href":"https:\/\/lpchanel.ddec.nc\/index.php\/wp-json\/wp\/v2\/media\/140"}],"wp:attachment":[{"href":"https:\/\/lpchanel.ddec.nc\/index.php\/wp-json\/wp\/v2\/media?parent=13"}],"curies":[{"name":"wp","href":"https:\/\/api.w.org\/{rel}","templated":true}]}}