{"id":651,"date":"2024-12-09T09:55:13","date_gmt":"2024-12-08T22:55:13","guid":{"rendered":"https:\/\/lpchanel.ddec.nc\/?page_id=651"},"modified":"2024-12-09T13:37:15","modified_gmt":"2024-12-09T02:37:15","slug":"pastorale2","status":"publish","type":"page","link":"https:\/\/lpchanel.ddec.nc\/index.php\/pastorale2\/","title":{"rendered":"Pastorale"},"content":{"rendered":"\t\t<div data-elementor-type=\"wp-page\" data-elementor-id=\"651\" class=\"elementor elementor-651\" data-elementor-post-type=\"page\">\n\t\t\t\t\t\t<section class=\"elementor-section elementor-top-section elementor-element elementor-element-c670ed6 elementor-section-height-min-height elementor-section-boxed elementor-section-height-default elementor-section-items-middle\" data-id=\"c670ed6\" data-element_type=\"section\" data-settings=\"{&quot;background_background&quot;:&quot;classic&quot;}\">\n\t\t\t\t\t\t<div class=\"elementor-container elementor-column-gap-default\">\n\t\t\t\t\t<div class=\"elementor-column elementor-col-100 elementor-top-column elementor-element elementor-element-df2b259\" data-id=\"df2b259\" data-element_type=\"column\">\n\t\t\t<div class=\"elementor-widget-wrap elementor-element-populated\">\n\t\t\t\t\t\t\t<\/div>\n\t\t<\/div>\n\t\t\t\t\t<\/div>\n\t\t<\/section>\n\t\t<div class=\"elementor-element elementor-element-41e5cf80 e-con-full e-flex e-con e-parent\" data-id=\"41e5cf80\" data-element_type=\"container\" data-settings=\"{&quot;background_background&quot;:&quot;classic&quot;}\">\n\t\t<div class=\"elementor-element elementor-element-3373ffee e-con-full e-flex e-con e-child\" data-id=\"3373ffee\" data-element_type=\"container\" data-settings=\"{&quot;background_background&quot;:&quot;classic&quot;}\">\n\t\t\t\t<div class=\"elementor-element elementor-element-6033c1f3 elementor-widget elementor-widget-icon-box\" data-id=\"6033c1f3\" data-element_type=\"widget\" data-widget_type=\"icon-box.default\">\n\t\t\t\t<div class=\"elementor-widget-container\">\n\t\t\t\t\t\t\t<div class=\"elementor-icon-box-wrapper\">\n\n\t\t\t\n\t\t\t\t\t\t<div class=\"elementor-icon-box-content\">\n\n\t\t\t\t\t\t\t\t\t<h3 class=\"elementor-icon-box-title\">\n\t\t\t\t\t\t<span  >\n\t\t\t\t\t\t\tMesse de fin d'ann\u00e9e 2024\t\t\t\t\t\t<\/span>\n\t\t\t\t\t<\/h3>\n\t\t\t\t\n\t\t\t\t\t\t\t\t\t<p class=\"elementor-icon-box-description\">\n\t\t\t\t\t\tNotre messe de fin d'ann\u00e9e a marqu\u00e9 la cl\u00f4ture de notre ann\u00e9e pastorale dans une atmosph\u00e8re de joie, de gratitude et de partage. Ce moment fort a rassembl\u00e9 toute la communaut\u00e9, unissant les paroissiens dans la pri\u00e8re et la convivialit\u00e9, et nous a permis de rendre gr\u00e2ce pour les moments v\u00e9cus ensemble, tout en nourrissant l\u2019espoir pour l\u2019ann\u00e9e \u00e0 venir. \t\t\t\t\t<\/p>\n\t\t\t\t\n\t\t\t<\/div>\n\t\t\t\n\t\t<\/div>\n\t\t\t\t\t\t<\/div>\n\t\t\t\t<\/div>\n\t\t\t\t<\/div>\n\t\t<div class=\"elementor-element elementor-element-47b0aeb7 e-con-full e-flex e-con e-child\" data-id=\"47b0aeb7\" data-element_type=\"container\">\n\t\t\t\t<div class=\"elementor-element elementor-element-5e21f3a elementor-cta--layout-image-left elementor-cta--mobile-layout-image-above elementor-cta--valign-middle elementor-cta--skin-classic elementor-animated-content elementor-widget elementor-widget-call-to-action\" data-id=\"5e21f3a\" data-element_type=\"widget\" data-widget_type=\"call-to-action.default\">\n\t\t\t\t<div class=\"elementor-widget-container\">\n\t\t\t\t\t\t\t<div class=\"elementor-cta\">\n\t\t\t\t\t<div class=\"elementor-cta__bg-wrapper\">\n\t\t\t\t<div class=\"elementor-cta__bg elementor-bg\" style=\"background-image: url(https:\/\/lpchanel.ddec.nc\/wp-content\/uploads\/2024\/12\/Design-sans-titre.png);\" role=\"img\" aria-label=\"Design sans titre\"><\/div>\n\t\t\t\t<div class=\"elementor-cta__bg-overlay\"><\/div>\n\t\t\t<\/div>\n\t\t\t\t\t\t\t\t<\/div>\n\t\t\t\t\t\t<\/div>\n\t\t\t\t<\/div>\n\t\t\t\t<\/div>\n\t\t\t\t<\/div>\n\t\t<div class=\"elementor-element elementor-element-38cd264d e-con-full e-flex e-con e-parent\" data-id=\"38cd264d\" data-element_type=\"container\" data-settings=\"{&quot;background_background&quot;:&quot;classic&quot;}\">\n\t\t<div class=\"elementor-element elementor-element-682da424 e-con-full e-flex e-con e-child\" data-id=\"682da424\" data-element_type=\"container\">\n\t\t\t\t<div class=\"elementor-element elementor-element-146f3c80 elementor-cta--layout-image-left elementor-cta--mobile-layout-image-above elementor-cta--skin-classic elementor-animated-content elementor-bg-transform elementor-bg-transform-zoom-in elementor-widget elementor-widget-call-to-action\" data-id=\"146f3c80\" data-element_type=\"widget\" data-widget_type=\"call-to-action.default\">\n\t\t\t\t<div class=\"elementor-widget-container\">\n\t\t\t\t\t\t\t<div class=\"elementor-cta\">\n\t\t\t\t\t<div class=\"elementor-cta__bg-wrapper\">\n\t\t\t\t<div class=\"elementor-cta__bg elementor-bg\" style=\"background-image: url(https:\/\/lpchanel.ddec.nc\/wp-content\/uploads\/2024\/12\/IMG_6789-1-scaled.jpg);\" role=\"img\" aria-label=\"IMG_6789\"><\/div>\n\t\t\t\t<div class=\"elementor-cta__bg-overlay\"><\/div>\n\t\t\t<\/div>\n\t\t\t\t\t\t\t\t<\/div>\n\t\t\t\t\t\t<\/div>\n\t\t\t\t<\/div>\n\t\t\t\t<\/div>\n\t\t<div class=\"elementor-element elementor-element-5f15b1ef e-con-full e-flex e-con e-child\" data-id=\"5f15b1ef\" data-element_type=\"container\">\n\t\t\t\t<div class=\"elementor-element elementor-element-57fa4e83 elementor-widget elementor-widget-icon-box\" data-id=\"57fa4e83\" data-element_type=\"widget\" data-widget_type=\"icon-box.default\">\n\t\t\t\t<div class=\"elementor-widget-container\">\n\t\t\t\t\t\t\t<div class=\"elementor-icon-box-wrapper\">\n\n\t\t\t\n\t\t\t\t\t\t<div class=\"elementor-icon-box-content\">\n\n\t\t\t\t\t\t\t\t\t<h3 class=\"elementor-icon-box-title\">\n\t\t\t\t\t\t<span  >\n\t\t\t\t\t\t\tLa chorale du lyc\u00e9e\t\t\t\t\t\t<\/span>\n\t\t\t\t\t<\/h3>\n\t\t\t\t\n\t\t\t\t\t\t\t\t\t<p class=\"elementor-icon-box-description\">\n\t\t\t\t\t\t \t\t\t\t\t<\/p>\n\t\t\t\t\n\t\t\t<\/div>\n\t\t\t\n\t\t<\/div>\n\t\t\t\t\t\t<\/div>\n\t\t\t\t<\/div>\n\t\t\t\t<\/div>\n\t\t\t\t<\/div>\n\t\t\t\t<\/div>\n\t\t","protected":false},"excerpt":{"rendered":"<p>Messe de fin d&rsquo;ann\u00e9e 2024 Notre messe de fin d&rsquo;ann\u00e9e a marqu\u00e9 la cl\u00f4ture de notre ann\u00e9e pastorale dans une atmosph\u00e8re de joie, de gratitude et de partage. Ce moment fort a rassembl\u00e9 toute la communaut\u00e9, unissant les paroissiens dans la pri\u00e8re et la convivialit\u00e9, et nous a permis de rendre gr\u00e2ce pour les moments [&hellip;]<\/p>\n","protected":false},"author":4,"featured_media":0,"parent":0,"menu_order":0,"comment_status":"closed","ping_status":"closed","template":"elementor_header_footer","meta":{"footnotes":""},"class_list":["post-651","page","type-page","status-publish","hentry"],"yoast_head":"<!-- This site is optimized with the Yoast SEO plugin v26.4 - https:\/\/yoast.com\/wordpress\/plugins\/seo\/ -->\n<title>Pastorale - LP Chanel<\/title>\n<meta name=\"robots\" content=\"index, follow, max-snippet:-1, max-image-preview:large, max-video-preview:-1\" \/>\n<link rel=\"canonical\" href=\"https:\/\/lpchanel.ddec.nc\/index.php\/pastorale2\/\" \/>\n<meta property=\"og:locale\" content=\"fr_FR\" \/>\n<meta property=\"og:type\" content=\"article\" \/>\n<meta property=\"og:title\" content=\"Pastorale - LP Chanel\" \/>\n<meta property=\"og:description\" content=\"Messe de fin d&rsquo;ann\u00e9e 2024 Notre messe de fin d&rsquo;ann\u00e9e a marqu\u00e9 la cl\u00f4ture de notre ann\u00e9e pastorale dans une atmosph\u00e8re de joie, de gratitude et de partage. Ce moment fort a rassembl\u00e9 toute la communaut\u00e9, unissant les paroissiens dans la pri\u00e8re et la convivialit\u00e9, et nous a permis de rendre gr\u00e2ce pour les moments [&hellip;]\" \/>\n<meta property=\"og:url\" content=\"https:\/\/lpchanel.ddec.nc\/index.php\/pastorale2\/\" \/>\n<meta property=\"og:site_name\" content=\"LP Chanel\" \/>\n<meta property=\"article:publisher\" content=\"https:\/\/www.facebook.com\/people\/Lyce-Professionnel-Saint-Pierre-Chanel-La-Conception\/100064772332332\/?ref=embed_page\" \/>\n<meta property=\"article:modified_time\" content=\"2024-12-09T02:37:15+00:00\" \/>\n<meta name=\"twitter:card\" content=\"summary_large_image\" \/>\n<script type=\"application\/ld+json\" class=\"yoast-schema-graph\">{\"@context\":\"https:\/\/schema.org\",\"@graph\":[{\"@type\":\"WebPage\",\"@id\":\"https:\/\/lpchanel.ddec.nc\/index.php\/pastorale2\/\",\"url\":\"https:\/\/lpchanel.ddec.nc\/index.php\/pastorale2\/\",\"name\":\"Pastorale - LP Chanel\",\"isPartOf\":{\"@id\":\"https:\/\/lpchanel.ddec.nc\/#website\"},\"datePublished\":\"2024-12-08T22:55:13+00:00\",\"dateModified\":\"2024-12-09T02:37:15+00:00\",\"breadcrumb\":{\"@id\":\"https:\/\/lpchanel.ddec.nc\/index.php\/pastorale2\/#breadcrumb\"},\"inLanguage\":\"fr-FR\",\"potentialAction\":[{\"@type\":\"ReadAction\",\"target\":[\"https:\/\/lpchanel.ddec.nc\/index.php\/pastorale2\/\"]}]},{\"@type\":\"BreadcrumbList\",\"@id\":\"https:\/\/lpchanel.ddec.nc\/index.php\/pastorale2\/#breadcrumb\",\"itemListElement\":[{\"@type\":\"ListItem\",\"position\":1,\"name\":\"Accueil\",\"item\":\"https:\/\/lpchanel.ddec.nc\/\"},{\"@type\":\"ListItem\",\"position\":2,\"name\":\"Pastorale\"}]},{\"@type\":\"WebSite\",\"@id\":\"https:\/\/lpchanel.ddec.nc\/#website\",\"url\":\"https:\/\/lpchanel.ddec.nc\/\",\"name\":\"Lyc\u00e9e Professionnel Saint-Pierre Chanel\",\"description\":\"\",\"publisher\":{\"@id\":\"https:\/\/lpchanel.ddec.nc\/#organization\"},\"potentialAction\":[{\"@type\":\"SearchAction\",\"target\":{\"@type\":\"EntryPoint\",\"urlTemplate\":\"https:\/\/lpchanel.ddec.nc\/?s={search_term_string}\"},\"query-input\":{\"@type\":\"PropertyValueSpecification\",\"valueRequired\":true,\"valueName\":\"search_term_string\"}}],\"inLanguage\":\"fr-FR\"},{\"@type\":\"Organization\",\"@id\":\"https:\/\/lpchanel.ddec.nc\/#organization\",\"name\":\"Lyc\u00e9e Professionnel Saint-Pierre Chanel\",\"url\":\"https:\/\/lpchanel.ddec.nc\/\",\"logo\":{\"@type\":\"ImageObject\",\"inLanguage\":\"fr-FR\",\"@id\":\"https:\/\/lpchanel.ddec.nc\/#\/schema\/logo\/image\/\",\"url\":\"https:\/\/lpchanel.ddec.nc\/wp-content\/uploads\/2024\/11\/LOGO-LP-CHANEL.png\",\"contentUrl\":\"https:\/\/lpchanel.ddec.nc\/wp-content\/uploads\/2024\/11\/LOGO-LP-CHANEL.png\",\"width\":912,\"height\":333,\"caption\":\"Lyc\u00e9e Professionnel Saint-Pierre Chanel\"},\"image\":{\"@id\":\"https:\/\/lpchanel.ddec.nc\/#\/schema\/logo\/image\/\"},\"sameAs\":[\"https:\/\/www.facebook.com\/people\/Lyce-Professionnel-Saint-Pierre-Chanel-La-Conception\/100064772332332\/?ref=embed_page\",\"https:\/\/www.tiktok.com\/@lpchanel.nc\"]}]}<\/script>\n<!-- \/ Yoast SEO plugin. -->","yoast_head_json":{"title":"Pastorale - LP Chanel","robots":{"index":"index","follow":"follow","max-snippet":"max-snippet:-1","max-image-preview":"max-image-preview:large","max-video-preview":"max-video-preview:-1"},"canonical":"https:\/\/lpchanel.ddec.nc\/index.php\/pastorale2\/","og_locale":"fr_FR","og_type":"article","og_title":"Pastorale - LP Chanel","og_description":"Messe de fin d&rsquo;ann\u00e9e 2024 Notre messe de fin d&rsquo;ann\u00e9e a marqu\u00e9 la cl\u00f4ture de notre ann\u00e9e pastorale dans une atmosph\u00e8re de joie, de gratitude et de partage. Ce moment fort a rassembl\u00e9 toute la communaut\u00e9, unissant les paroissiens dans la pri\u00e8re et la convivialit\u00e9, et nous a permis de rendre gr\u00e2ce pour les moments [&hellip;]","og_url":"https:\/\/lpchanel.ddec.nc\/index.php\/pastorale2\/","og_site_name":"LP Chanel","article_publisher":"https:\/\/www.facebook.com\/people\/Lyce-Professionnel-Saint-Pierre-Chanel-La-Conception\/100064772332332\/?ref=embed_page","article_modified_time":"2024-12-09T02:37:15+00:00","twitter_card":"summary_large_image","schema":{"@context":"https:\/\/schema.org","@graph":[{"@type":"WebPage","@id":"https:\/\/lpchanel.ddec.nc\/index.php\/pastorale2\/","url":"https:\/\/lpchanel.ddec.nc\/index.php\/pastorale2\/","name":"Pastorale - LP Chanel","isPartOf":{"@id":"https:\/\/lpchanel.ddec.nc\/#website"},"datePublished":"2024-12-08T22:55:13+00:00","dateModified":"2024-12-09T02:37:15+00:00","breadcrumb":{"@id":"https:\/\/lpchanel.ddec.nc\/index.php\/pastorale2\/#breadcrumb"},"inLanguage":"fr-FR","potentialAction":[{"@type":"ReadAction","target":["https:\/\/lpchanel.ddec.nc\/index.php\/pastorale2\/"]}]},{"@type":"BreadcrumbList","@id":"https:\/\/lpchanel.ddec.nc\/index.php\/pastorale2\/#breadcrumb","itemListElement":[{"@type":"ListItem","position":1,"name":"Accueil","item":"https:\/\/lpchanel.ddec.nc\/"},{"@type":"ListItem","position":2,"name":"Pastorale"}]},{"@type":"WebSite","@id":"https:\/\/lpchanel.ddec.nc\/#website","url":"https:\/\/lpchanel.ddec.nc\/","name":"Lyc\u00e9e Professionnel Saint-Pierre Chanel","description":"","publisher":{"@id":"https:\/\/lpchanel.ddec.nc\/#organization"},"potentialAction":[{"@type":"SearchAction","target":{"@type":"EntryPoint","urlTemplate":"https:\/\/lpchanel.ddec.nc\/?s={search_term_string}"},"query-input":{"@type":"PropertyValueSpecification","valueRequired":true,"valueName":"search_term_string"}}],"inLanguage":"fr-FR"},{"@type":"Organization","@id":"https:\/\/lpchanel.ddec.nc\/#organization","name":"Lyc\u00e9e Professionnel Saint-Pierre Chanel","url":"https:\/\/lpchanel.ddec.nc\/","logo":{"@type":"ImageObject","inLanguage":"fr-FR","@id":"https:\/\/lpchanel.ddec.nc\/#\/schema\/logo\/image\/","url":"https:\/\/lpchanel.ddec.nc\/wp-content\/uploads\/2024\/11\/LOGO-LP-CHANEL.png","contentUrl":"https:\/\/lpchanel.ddec.nc\/wp-content\/uploads\/2024\/11\/LOGO-LP-CHANEL.png","width":912,"height":333,"caption":"Lyc\u00e9e Professionnel Saint-Pierre Chanel"},"image":{"@id":"https:\/\/lpchanel.ddec.nc\/#\/schema\/logo\/image\/"},"sameAs":["https:\/\/www.facebook.com\/people\/Lyce-Professionnel-Saint-Pierre-Chanel-La-Conception\/100064772332332\/?ref=embed_page","https:\/\/www.tiktok.com\/@lpchanel.nc"]}]}},"_links":{"self":[{"href":"https:\/\/lpchanel.ddec.nc\/index.php\/wp-json\/wp\/v2\/pages\/651","targetHints":{"allow":["GET"]}}],"collection":[{"href":"https:\/\/lpchanel.ddec.nc\/index.php\/wp-json\/wp\/v2\/pages"}],"about":[{"href":"https:\/\/lpchanel.ddec.nc\/index.php\/wp-json\/wp\/v2\/types\/page"}],"author":[{"embeddable":true,"href":"https:\/\/lpchanel.ddec.nc\/index.php\/wp-json\/wp\/v2\/users\/4"}],"replies":[{"embeddable":true,"href":"https:\/\/lpchanel.ddec.nc\/index.php\/wp-json\/wp\/v2\/comments?post=651"}],"version-history":[{"count":30,"href":"https:\/\/lpchanel.ddec.nc\/index.php\/wp-json\/wp\/v2\/pages\/651\/revisions"}],"predecessor-version":[{"id":1023,"href":"https:\/\/lpchanel.ddec.nc\/index.php\/wp-json\/wp\/v2\/pages\/651\/revisions\/1023"}],"wp:attachment":[{"href":"https:\/\/lpchanel.ddec.nc\/index.php\/wp-json\/wp\/v2\/media?parent=651"}],"curies":[{"name":"wp","href":"https:\/\/api.w.org\/{rel}","templated":true}]}}